{"id":1288,"date":"2023-12-26T14:09:40","date_gmt":"2023-12-26T13:09:40","guid":{"rendered":"https:\/\/lagalerieblaye.art\/?page_id=1288"},"modified":"2024-01-31T16:26:50","modified_gmt":"2024-01-31T15:26:50","slug":"a-propos","status":"publish","type":"page","link":"https:\/\/www.lagalerieblaye.art\/en\/a-propos\/","title":{"rendered":"\u00c0 PROPOS"},"content":{"rendered":"<p>[et_pb_section fb_built=&#8221;1&#8243; _builder_version=&#8221;4.20.2&#8243; _module_preset=&#8221;default&#8221; custom_margin=&#8221;0px||0px||false|false&#8221; custom_padding=&#8221;0px||0px||false|false&#8221; da_disable_devices=&#8221;off|off|off&#8221; global_colors_info=&#8221;{}&#8221; da_is_popup=&#8221;off&#8221; da_exit_intent=&#8221;off&#8221; da_has_close=&#8221;on&#8221; da_alt_close=&#8221;off&#8221; da_dark_close=&#8221;off&#8221; da_not_modal=&#8221;on&#8221; da_is_singular=&#8221;off&#8221; da_with_loader=&#8221;off&#8221; da_has_shadow=&#8221;on&#8221;][et_pb_row column_structure=&#8221;2_5,3_5&#8243; use_custom_gutter=&#8221;on&#8221; gutter_width=&#8221;1&#8243; make_equal=&#8221;on&#8221; _builder_version=&#8221;4.20.2&#8243; _module_preset=&#8221;default&#8221; background_color=&#8221;#F5F5F5&#8243; width=&#8221;100%&#8221; max_width=&#8221;100%&#8221; custom_margin=&#8221;0px||0px||false|false&#8221; custom_padding=&#8221;0px||0px||false|false&#8221; custom_css_main_element=&#8221;align-items:center;&#8221; global_colors_info=&#8221;{}&#8221;][et_pb_column type=&#8221;2_5&#8243; _builder_version=&#8221;4.20.2&#8243; _module_preset=&#8221;default&#8221; background_enable_image=&#8221;off&#8221; global_colors_info=&#8221;{}&#8221;][et_pb_image src=&#8221;https:\/\/www.lagalerieblaye.art\/wp-content\/uploads\/2024\/01\/IMG_20240131_153016.jpg&#8221; title_text=&#8221;IMG_20240131_153016&#8243; align=&#8221;center&#8221; force_fullwidth=&#8221;on&#8221; _builder_version=&#8221;4.20.2&#8243; _module_preset=&#8221;default&#8221; module_alignment=&#8221;center&#8221; max_height=&#8221;400px&#8221; global_colors_info=&#8221;{}&#8221;][\/et_pb_image][\/et_pb_column][et_pb_column type=&#8221;3_5&#8243; _builder_version=&#8221;4.20.2&#8243; _module_preset=&#8221;default&#8221; background_enable_color=&#8221;off&#8221; background_enable_image=&#8221;off&#8221; background_size=&#8221;initial&#8221; background_repeat=&#8221;repeat&#8221; custom_padding=&#8221;|5%||5%|false|false&#8221; global_colors_info=&#8221;{}&#8221;][et_pb_text _builder_version=&#8221;4.20.2&#8243; _module_preset=&#8221;default&#8221; text_font=&#8221;Playfair Display||||||||&#8221; text_text_color=&#8221;#000000&#8243; text_font_size=&#8221;29px&#8221; text_orientation=&#8221;center&#8221; custom_margin=&#8221;||20px||false|false&#8221; custom_margin_tablet=&#8221;50px||20px||false|false&#8221; custom_margin_phone=&#8221;50px||20px||false|false&#8221; custom_margin_last_edited=&#8221;on|desktop&#8221; content_en_us=&#8221;<\/p>\n<p><span>Where art meets wine<\/span><\/p>\n<p>&#8221; global_colors_info=&#8221;{}&#8221;]<\/p>\n<p>O\u00f9 l&#8217;Art rencontre le Vin<\/p>\n<p>[\/et_pb_text][et_pb_text _builder_version=&#8221;4.20.2&#8243; _module_preset=&#8221;default&#8221; text_font_size=&#8221;15px&#8221; text_orientation=&#8221;center&#8221; custom_margin=&#8221;||||false|false&#8221; custom_margin_tablet=&#8221;||50px||false|false&#8221; custom_margin_phone=&#8221;||50px||false|false&#8221; custom_margin_last_edited=&#8221;on|tablet&#8221; content_en_us=&#8221;<\/p>\n<p><span>In the French river town Blaye where the artist Clarissa Schaefer (<\/span><a href=%22https:\/\/lagalerieblaye.art\/en\/project\/clarissa-schaefer\/%22>see portfolio<\/a><span>), met the wine buff, Leslie Kellen (<a href=%22https:\/\/lesliekellen.blog\/%22 data-et-target-link=%22_blank%22 rel=%22noopener%22>see blog<\/a>) and where they started their journey together!<\/span><\/p>\n<p>&#8221; global_colors_info=&#8221;{}&#8221;]<\/p>\n<p>\u00c0 Blaye, en Gironde, l&#8217;artiste Clarissa Schaefer (<a href=\"https:\/\/lagalerieblaye.art\/project\/clarissa-schaefer\/\">voir le portfolio<\/a>) &amp; l&#8217;amateur de vin, Leslie Kellen (<a href=\"https:\/\/lesliekellen.blog\/\" target=\"_blank\" rel=\"noopener\">voir le blog<\/a>), ont commenc\u00e9 leur voyage ensemble !<\/p>\n<p>[\/et_pb_text][\/et_pb_column][\/et_pb_row][et_pb_row column_structure=&#8221;1_2,1_2&#8243; use_custom_gutter=&#8221;on&#8221; gutter_width=&#8221;1&#8243; make_equal=&#8221;on&#8221; _builder_version=&#8221;4.20.2&#8243; _module_preset=&#8221;default&#8221; width=&#8221;100%&#8221; max_width=&#8221;100%&#8221; custom_margin=&#8221;0px|0px|0px|0px|false|false&#8221; custom_padding=&#8221;0px|0px|0px|0px|false|false&#8221; hover_enabled=&#8221;0&#8243; custom_css_main_element=&#8221;align-items:center;&#8221; global_colors_info=&#8221;{}&#8221; background_enable_color=&#8221;off&#8221; sticky_enabled=&#8221;0&#8243;][et_pb_column type=&#8221;1_2&#8243; _builder_version=&#8221;4.20.2&#8243; _module_preset=&#8221;default&#8221; background_enable_image=&#8221;off&#8221; global_colors_info=&#8221;{}&#8221;][et_pb_text _builder_version=&#8221;4.20.2&#8243; _module_preset=&#8221;default&#8221; text_font=&#8221;Playfair Display||||||||&#8221; text_text_color=&#8221;#000000&#8243; text_font_size=&#8221;29px&#8221; text_orientation=&#8221;center&#8221; custom_margin=&#8221;||20px||false|false&#8221; custom_margin_tablet=&#8221;50px||20px||false|false&#8221; custom_margin_phone=&#8221;50px||20px||false|false&#8221; custom_margin_last_edited=&#8221;on|desktop&#8221; global_colors_info=&#8221;{}&#8221;]<\/p>\n<p>Blaye<\/p>\n<p>[\/et_pb_text][et_pb_text _builder_version=&#8221;4.20.2&#8243; _module_preset=&#8221;default&#8221; text_text_color=&#8221;#474747&#8243; text_font_size=&#8221;15px&#8221; text_orientation=&#8221;center&#8221; custom_margin=&#8221;||20px||false|false&#8221; custom_margin_tablet=&#8221;||50px||false|false&#8221; custom_margin_phone=&#8221;||50px||false|false&#8221; custom_margin_last_edited=&#8221;on|tablet&#8221; custom_padding=&#8221;|50px||50px|false|false&#8221; hover_enabled=&#8221;0&#8243; content_en_us=&#8221;<\/p>\n<p><span>is a quaint little town, just North of Bordeaux in South-West France, that attracts people from all over the world, a magnet for those who love wine, art, French history &#038; culture.<\/span><\/p>\n<p>&#8221; global_colors_info=&#8221;{}&#8221; sticky_enabled=&#8221;0&#8243;]<\/p>\n<p>est une petite ville pittoresque, juste au nord de Bordeaux, dans le sud-ouest de la France, qui attire des gens du monde entier, un p\u00f4le d&#8217;attraction pour ceux qui aiment le vin, l&#8217;art, l&#8217;histoire et la culture fran\u00e7aise.<\/p>\n<p>[\/et_pb_text][\/et_pb_column][et_pb_column type=&#8221;1_2&#8243; _builder_version=&#8221;4.20.2&#8243; _module_preset=&#8221;default&#8221; background_enable_color=&#8221;off&#8221; background_enable_image=&#8221;off&#8221; background_repeat=&#8221;repeat&#8221; custom_padding=&#8221;|0px||0px|false|false&#8221; global_colors_info=&#8221;{}&#8221;][et_pb_image src=&#8221;https:\/\/lagalerieblaye.art\/wp-content\/uploads\/2023\/12\/bvb-IMG_8350.jpg&#8221; title_text=&#8221;bvb-IMG_8350&#8243; align=&#8221;center&#8221; force_fullwidth=&#8221;on&#8221; _builder_version=&#8221;4.20.2&#8243; _module_preset=&#8221;default&#8221; module_alignment=&#8221;center&#8221; max_height=&#8221;400px&#8221; custom_margin=&#8221;0px|0px|0px|0px|false|false&#8221; custom_padding=&#8221;0px|0px|0px|0px|false|false&#8221; global_colors_info=&#8221;{}&#8221;][\/et_pb_image][\/et_pb_column][\/et_pb_row][et_pb_row column_structure=&#8221;2_5,3_5&#8243; use_custom_gutter=&#8221;on&#8221; gutter_width=&#8221;1&#8243; make_equal=&#8221;on&#8221; _builder_version=&#8221;4.20.2&#8243; _module_preset=&#8221;default&#8221; background_color=&#8221;#F5F5F5&#8243; width=&#8221;100%&#8221; max_width=&#8221;100%&#8221; min_height=&#8221;300px&#8221; custom_margin=&#8221;0px||0px||false|false&#8221; custom_padding=&#8221;0px||0px||false|false&#8221; custom_css_main_element=&#8221;align-items:center;&#8221; global_colors_info=&#8221;{}&#8221;][et_pb_column type=&#8221;2_5&#8243; _builder_version=&#8221;4.20.2&#8243; _module_preset=&#8221;default&#8221; background_enable_image=&#8221;off&#8221; global_colors_info=&#8221;{}&#8221;][et_pb_image src=&#8221;https:\/\/lagalerieblaye.art\/wp-content\/uploads\/2023\/12\/lesliekellen01.jpg&#8221; title_text=&#8221;lesliekellen01&#8243; align=&#8221;center&#8221; force_fullwidth=&#8221;on&#8221; _builder_version=&#8221;4.20.2&#8243; _module_preset=&#8221;default&#8221; module_alignment=&#8221;center&#8221; min_height=&#8221;500px&#8221; height=&#8221;500px&#8221; max_height=&#8221;500px&#8221; global_colors_info=&#8221;{}&#8221;][\/et_pb_image][\/et_pb_column][et_pb_column type=&#8221;3_5&#8243; _builder_version=&#8221;4.20.2&#8243; _module_preset=&#8221;default&#8221; background_enable_color=&#8221;off&#8221; background_enable_image=&#8221;off&#8221; background_size=&#8221;initial&#8221; background_repeat=&#8221;repeat&#8221; custom_padding=&#8221;|5%||5%|false|false&#8221; global_colors_info=&#8221;{}&#8221;][et_pb_text _builder_version=&#8221;4.20.2&#8243; _module_preset=&#8221;default&#8221; text_font=&#8221;Playfair Display||||||||&#8221; text_text_color=&#8221;#000000&#8243; text_font_size=&#8221;24px&#8221; custom_margin=&#8221;||20px||false|false&#8221; custom_margin_tablet=&#8221;50px||20px||false|false&#8221; custom_margin_phone=&#8221;50px||20px||false|false&#8221; custom_margin_last_edited=&#8221;on|desktop&#8221; content_en_us=&#8221;<\/p>\n<p><span>That\u2019s what happened to the South African, Leslie,<\/span><\/p>\n<p>&#8221; global_colors_info=&#8221;{}&#8221;]<\/p>\n<p>C&#8217;est ce qui est arriv\u00e9 au Sud-Africain, Leslie,<\/p>\n<p>[\/et_pb_text][et_pb_text _builder_version=&#8221;4.20.2&#8243; _module_preset=&#8221;default&#8221; text_font_size=&#8221;15px&#8221; custom_margin=&#8221;||||false|false&#8221; custom_margin_tablet=&#8221;||50px||false|false&#8221; custom_margin_phone=&#8221;||50px||false|false&#8221; custom_margin_last_edited=&#8221;on|tablet&#8221; content_en_us=&#8221;<\/p>\n<p>who was mysteriously drawn to Blaye in 1999 and bought the legendary Villa St Simon, which he turned into home-away-from-home and hub for wine lovers. In 2010 the German born and South African raised, Clarissa, joined him, and ever since they have been throwing their talents and skills together and have continuously been creative is all sorts of ways:<\/p>\n<\/p>\n<ul>\n<li>Restoring historic buildings and creating amazing living spaces<\/li>\n<li>Creating a wine bar &#038; wine store<\/li>\n<li>Pioneering art as an attraction in the town and creating the first art galerie in Blaye<\/li>\n<li>Turning the ETALON ROUGE brand into the iconic wine it is today<\/li>\n<li>Developing new homes for people from all around the world and expanding their horizons to incapsulate the wonderful life-style in a French country town, thus creating a destination, beyond their wildest expectations<\/li>\n<\/ul>\n<p>&#8221; global_colors_info=&#8221;{}&#8221;]<\/p>\n<p>qui fut myst\u00e9rieusement attir\u00e9 par Blaye en 1999 et racheta la mythique Villa St Simon, qu&#8217;il transforma en Maison d&#8217;H\u00f4tes et lieu de rendez-vous des amateurs de vins. En 2010, Clarissa, n\u00e9e en Allemagne et \u00e9lev\u00e9e en Afrique du Sud, l&#8217;a rejoint. Depuis, ils continuent de mettre en commun leurs talents et leurs comp\u00e9tences en faisant continuellement preuve de cr\u00e9ativit\u00e9 avec :<\/p>\n<p>&nbsp;<\/p>\n<ul>\n<li>La restauration de b\u00e2timents historiques et la cr\u00e9ation d&#8217;espaces de vie originaux<\/li>\n<li>La cr\u00e9ation d&#8217;un bar \u00e0 vin et d&#8217;une cave<\/li>\n<li>La cr\u00e9ation de la toute premi\u00e8re galerie d&#8217;Art \u00e0 Blaye<\/li>\n<li>L&#8217;\u00e9tablissement de la marque ETALON ROUGE, vin embl\u00e9matique aujourd&#8217;hui<\/li>\n<li>Le d\u00e9veloppement de nouveaux logements, ofrant \u00e0 de nombreux voyageurs le merveilleux style de vie d&#8217;une ville de campagne fran\u00e7aise<\/li>\n<\/ul>\n<p>[\/et_pb_text][\/et_pb_column][\/et_pb_row][et_pb_row column_structure=&#8221;1_2,1_2&#8243; use_custom_gutter=&#8221;on&#8221; gutter_width=&#8221;1&#8243; make_equal=&#8221;on&#8221; _builder_version=&#8221;4.20.2&#8243; _module_preset=&#8221;default&#8221; width=&#8221;100%&#8221; max_width=&#8221;100%&#8221; custom_margin=&#8221;0px|0px|0px|0px|false|false&#8221; custom_padding=&#8221;0px|0px|0px|0px|false|false&#8221; hover_enabled=&#8221;0&#8243; custom_css_main_element=&#8221;align-items:center;&#8221; global_colors_info=&#8221;{}&#8221; background_enable_color=&#8221;off&#8221; sticky_enabled=&#8221;0&#8243;][et_pb_column type=&#8221;1_2&#8243; _builder_version=&#8221;4.20.2&#8243; _module_preset=&#8221;default&#8221; background_enable_image=&#8221;off&#8221; global_colors_info=&#8221;{}&#8221;][et_pb_text _builder_version=&#8221;4.20.2&#8243; _module_preset=&#8221;default&#8221; text_font=&#8221;Playfair Display||||||||&#8221; text_text_color=&#8221;#000000&#8243; text_font_size=&#8221;29px&#8221; text_orientation=&#8221;center&#8221; custom_margin=&#8221;||20px||false|false&#8221; custom_margin_tablet=&#8221;50px||20px||false|false&#8221; custom_margin_phone=&#8221;50px||20px||false|false&#8221; custom_margin_last_edited=&#8221;on|desktop&#8221; content_en_us=&#8221;<\/p>\n<p><span>La Galerie, is where a lot happens:<\/span><\/p>\n<p>&#8221; global_colors_info=&#8221;{}&#8221;]<\/p>\n<p>Il s&#8217;en passent des choses \u00e0 La Galerie&#8230;<\/p>\n<p>[\/et_pb_text][et_pb_text _builder_version=&#8221;4.20.2&#8243; _module_preset=&#8221;default&#8221; text_text_color=&#8221;#474747&#8243; text_font_size=&#8221;15px&#8221; text_orientation=&#8221;center&#8221; custom_margin=&#8221;||||false|false&#8221; custom_margin_tablet=&#8221;||50px||false|false&#8221; custom_margin_phone=&#8221;||50px||false|false&#8221; custom_margin_last_edited=&#8221;on|tablet&#8221; custom_padding=&#8221;|50px||50px|false|false&#8221; hover_enabled=&#8221;0&#8243; content_en_us=&#8221;<\/p>\n<p><span>\u2013 Art exhibitions with local and international artists \u2013<\/span><br \/><span>\u2013 Wine tastings with Etalon Rouge and other excellent great value Bordeaux wines \u2013<\/span><br \/><span>\u2013 Events with interesting people from around the world \u2013<\/span><br \/><span>\u2013 A place to hang out and chill! \u2013<\/span><\/p>\n<p>&#8221; global_colors_info=&#8221;{}&#8221; sticky_enabled=&#8221;0&#8243;]<\/p>\n<p>\u2013 Des expositions d\u2019art avec des artistes locaux et internationaux \u2013<br \/>\u2013 Des d\u00e9gustations de vins avec Etalon Rouge et autres vins de Bordeaux d\u2019excellent rapport qualit\u00e9\/prix \u2013<br \/>\u2013 Des \u00e9v\u00e9nements qui rassemblent des personnes venues du monde entier \u2013<br \/>\u2013 Un lieu pour se d\u00e9tentre et rencontrer \u2013<\/p>\n<p>[\/et_pb_text][\/et_pb_column][et_pb_column type=&#8221;1_2&#8243; _builder_version=&#8221;4.20.2&#8243; _module_preset=&#8221;default&#8221; background_enable_color=&#8221;off&#8221; background_enable_image=&#8221;off&#8221; background_repeat=&#8221;repeat&#8221; custom_padding=&#8221;|0px||0px|false|false&#8221; global_colors_info=&#8221;{}&#8221;][et_pb_image src=&#8221;https:\/\/lagalerieblaye.art\/wp-content\/uploads\/2023\/12\/DSCF5034-1-1024&#215;690.jpg&#8221; title_text=&#8221;DSCF5034&#8243; align=&#8221;center&#8221; force_fullwidth=&#8221;on&#8221; _builder_version=&#8221;4.20.2&#8243; _module_preset=&#8221;default&#8221; module_alignment=&#8221;center&#8221; max_height=&#8221;400px&#8221; custom_margin=&#8221;0px|0px|0px|0px|false|false&#8221; custom_padding=&#8221;0px|0px|0px|0px|false|false&#8221; global_colors_info=&#8221;{}&#8221;][\/et_pb_image][\/et_pb_column][\/et_pb_row][et_pb_row use_custom_gutter=&#8221;on&#8221; gutter_width=&#8221;1&#8243; make_equal=&#8221;on&#8221; _builder_version=&#8221;4.20.2&#8243; _module_preset=&#8221;default&#8221; background_color=&#8221;#F5F5F5&#8243; width=&#8221;100%&#8221; max_width=&#8221;100%&#8221; min_height=&#8221;300px&#8221; custom_margin=&#8221;0px||0px||false|false&#8221; custom_padding=&#8221;0px||0px||false|false&#8221; custom_css_main_element=&#8221;align-items:center;&#8221; global_colors_info=&#8221;{}&#8221;][et_pb_column type=&#8221;4_4&#8243; _builder_version=&#8221;4.20.2&#8243; _module_preset=&#8221;default&#8221; background_enable_image=&#8221;off&#8221; global_colors_info=&#8221;{}&#8221;][et_pb_text _builder_version=&#8221;4.20.2&#8243; _module_preset=&#8221;default&#8221; text_font_size=&#8221;15px&#8221; text_orientation=&#8221;center&#8221; custom_margin=&#8221;||20px||false|false&#8221; custom_margin_tablet=&#8221;50px|5%|20px|5%|false|false&#8221; custom_margin_phone=&#8221;50px|5%|20px|5%|false|false&#8221; custom_margin_last_edited=&#8221;on|desktop&#8221; custom_padding=&#8221;|5%||5%|false|false&#8221; content_en_us=&#8221;<\/p>\n<div class=%22et_pb_module et_pb_text et_pb_text_8  et_pb_text_align_center et_pb_bg_layout_light%22>\n<div class=%22et_pb_text_inner%22>\n<div dir=%22ltr%22>Meeting and accommodating people, inspiring, making things happen, are what define the lives of these to creators and what they share with orthers!<\/div>\n<div dir=%22ltr%22>So, come to Blaye, drop your bags, enjoy the ambiance, indulge in the art and the magical spaces, and let yourself be carried away by the things that really matter in life!<\/div>\n<\/div>\n<\/div>\n<div class=%22et_pb_module et_pb_text et_pb_text_9  et_pb_text_align_center et_pb_bg_layout_light%22>\n<div class=%22et_pb_text_inner%22><\/div>\n<\/div>\n<p>&#8221; global_colors_info=&#8221;{}&#8221;]<\/p>\n<div dir=\"ltr\">Rencontrer et accueillir, s&#8217;inspirer et faire bouger les choses, voil\u00e0 ce qui d\u00e9crit la vie de ces deux cr\u00e9ateurs et de ce qu&#8217;ils souhaitent partager avec les autres !<\/div>\n<div dir=\"ltr\">Alors venez \u00e0 Blaye, posez vos valises, profitez de l&#8217;ambiance, adonnez-vous \u00e0 l&#8217;art et aux espaces magiques, laissez-vous emporter par ce qui compte vraiment dans la vie !<\/div>\n<p>[\/et_pb_text][et_pb_text _builder_version=&#8221;4.20.2&#8243; _module_preset=&#8221;default&#8221; text_font=&#8221;Playfair Display||||||||&#8221; text_text_color=&#8221;#000000&#8243; text_font_size=&#8221;24px&#8221; text_orientation=&#8221;center&#8221; custom_margin=&#8221;40px||20px||false|false&#8221; custom_margin_tablet=&#8221;50px||20px||false|false&#8221; custom_margin_phone=&#8221;50px||50px||false|false&#8221; custom_margin_last_edited=&#8221;on|desktop&#8221; content_en_us=&#8221;<\/p>\n<p><span>See you soon!<\/span><\/p>\n<p>&#8221; global_colors_info=&#8221;{}&#8221;]<\/p>\n<p>\u00c0 bient\u00f4t !<\/p>\n<p>[\/et_pb_text][\/et_pb_column][\/et_pb_row][\/et_pb_section]<\/p>\n","protected":false},"excerpt":{"rendered":"<p>O\u00f9 l&#8217;Art rencontre le Vin\u00c0 Blaye, en Gironde, l&#8217;artiste Clarissa Schaefer (voir le portfolio) &amp; l&#8217;amateur de vin, Leslie Kellen (voir le blog), ont commenc\u00e9 leur voyage ensemble !Blayeest une petite ville pittoresque, juste au nord de Bordeaux, dans le sud-ouest de la France, qui attire des gens du monde entier, un p\u00f4le d&#8217;attraction pour [&hellip;]<\/p>\n","protected":false},"author":1,"featured_media":0,"parent":0,"menu_order":0,"comment_status":"closed","ping_status":"closed","template":"","meta":{"_acf_changed":false,"_et_pb_use_builder":"on","_et_pb_old_content":"<!-- wp:divi\/placeholder \/-->","_et_gb_content_width":"","pgc_sgb_lightbox_settings":"","footnotes":""},"class_list":["post-1288","page","type-page","status-publish","hentry"],"acf":[],"_links":{"self":[{"href":"https:\/\/www.lagalerieblaye.art\/en\/wp-json\/wp\/v2\/pages\/1288","targetHints":{"allow":["GET"]}}],"collection":[{"href":"https:\/\/www.lagalerieblaye.art\/en\/wp-json\/wp\/v2\/pages"}],"about":[{"href":"https:\/\/www.lagalerieblaye.art\/en\/wp-json\/wp\/v2\/types\/page"}],"author":[{"embeddable":true,"href":"https:\/\/www.lagalerieblaye.art\/en\/wp-json\/wp\/v2\/users\/1"}],"replies":[{"embeddable":true,"href":"https:\/\/www.lagalerieblaye.art\/en\/wp-json\/wp\/v2\/comments?post=1288"}],"version-history":[{"count":77,"href":"https:\/\/www.lagalerieblaye.art\/en\/wp-json\/wp\/v2\/pages\/1288\/revisions"}],"predecessor-version":[{"id":2126,"href":"https:\/\/www.lagalerieblaye.art\/en\/wp-json\/wp\/v2\/pages\/1288\/revisions\/2126"}],"wp:attachment":[{"href":"https:\/\/www.lagalerieblaye.art\/en\/wp-json\/wp\/v2\/media?parent=1288"}],"curies":[{"name":"wp","href":"https:\/\/api.w.org\/{rel}","templated":true}]}}