{"id":1902,"date":"2024-01-02T18:34:20","date_gmt":"2024-01-02T17:34:20","guid":{"rendered":"https:\/\/www.lagalerieblaye.art\/?page_id=1902"},"modified":"2024-02-21T23:50:02","modified_gmt":"2024-02-21T22:50:02","slug":"villa-saint-simon","status":"publish","type":"page","link":"https:\/\/www.lagalerieblaye.art\/en\/villa-saint-simon\/","title":{"rendered":"Villa Saint Simon"},"content":{"rendered":"<p>[et_pb_section fb_built=&#8221;1&#8243; _builder_version=&#8221;4.20.2&#8243; _module_preset=&#8221;default&#8221; custom_margin=&#8221;-50px||0px||false|false&#8221; custom_padding=&#8221;0px||0px||false|false&#8221; da_disable_devices=&#8221;off|off|off&#8221; global_colors_info=&#8221;{}&#8221; da_is_popup=&#8221;off&#8221; da_exit_intent=&#8221;off&#8221; da_has_close=&#8221;on&#8221; da_alt_close=&#8221;off&#8221; da_dark_close=&#8221;off&#8221; da_not_modal=&#8221;on&#8221; da_is_singular=&#8221;off&#8221; da_with_loader=&#8221;off&#8221; da_has_shadow=&#8221;on&#8221;][et_pb_row use_custom_gutter=&#8221;on&#8221; gutter_width=&#8221;1&#8243; make_equal=&#8221;on&#8221; custom_padding_last_edited=&#8221;on|phone&#8221; _builder_version=&#8221;4.20.2&#8243; _module_preset=&#8221;default&#8221; background_color=&#8221;#FFFFFF&#8221; width=&#8221;100%&#8221; max_width=&#8221;100%&#8221; custom_margin=&#8221;0px||0px||false|false&#8221; custom_margin_tablet=&#8221;0px||0px||false|false&#8221; custom_margin_phone=&#8221;0px||0px||false|false&#8221; custom_margin_last_edited=&#8221;on|desktop&#8221; custom_padding=&#8221;31px|50px|100px|50px|false|false&#8221; custom_padding_tablet=&#8221;||50px||false|false&#8221; custom_padding_phone=&#8221;||50px||false|false&#8221; custom_css_main_element=&#8221;align-items:center;&#8221; global_colors_info=&#8221;{}&#8221; custom_margin__hover_enabled=&#8221;on|desktop&#8221; custom_margin__hover=&#8221;0px||0px||false|false&#8221;][et_pb_column type=&#8221;4_4&#8243; _builder_version=&#8221;4.20.2&#8243; _module_preset=&#8221;default&#8221; background_enable_image=&#8221;off&#8221; global_colors_info=&#8221;{}&#8221;][et_pb_text _builder_version=&#8221;4.20.2&#8243; _module_preset=&#8221;default&#8221; text_font=&#8221;Playfair Display|600|||||||&#8221; text_text_color=&#8221;#000000&#8243; text_font_size=&#8221;29px&#8221; text_orientation=&#8221;center&#8221; custom_margin=&#8221;||20px||false|false&#8221; custom_margin_tablet=&#8221;50px||20px||false|false&#8221; custom_margin_phone=&#8221;50px||20px||false|false&#8221; custom_margin_last_edited=&#8221;on|desktop&#8221; content_en_us=&#8221;<\/p>\n<p>Great opportunity near Bordeaux &#8211; France<\/p>\n<p>&#8221; global_colors_info=&#8221;{}&#8221;]<\/p>\n<p>Une magnifique opportunit\u00e9 pr\u00e8s de Bordeaux &#8211; France<\/p>\n<p>[\/et_pb_text][et_pb_text _builder_version=&#8221;4.20.2&#8243; _module_preset=&#8221;default&#8221; text_font_size=&#8221;15px&#8221; text_orientation=&#8221;center&#8221; custom_margin=&#8221;||||false|false&#8221; custom_margin_tablet=&#8221;||50px||false|false&#8221; custom_margin_phone=&#8221;||50px||false|false&#8221; custom_margin_last_edited=&#8221;on|tablet&#8221; content_en_us=&#8221;<\/p>\n<p>Villa Saint-Simon is a well-known, successful Guesthouse, situated in the heart of Blaye, just a few steps away from the Gironde River.<br \/>The owners desire a quieter life and have put this unique property up for sale.<\/p>\n<p>&#8221; global_colors_info=&#8221;{}&#8221;]<\/p>\n<p>La Villa Saint-Simon est une maison d&#8217;h\u00f4tes \u00e0 succ\u00e8s et r\u00e9put\u00e9e. Situ\u00e9e au c\u0153ur de Blaye, \u00e0 quelques pas de la Gironde.<br \/>Les propri\u00e9taires souhaitent une vie plus calme et ont mis en vente cette propri\u00e9t\u00e9 hors du commun.<\/p>\n<p>[\/et_pb_text][\/et_pb_column][\/et_pb_row][et_pb_row column_structure=&#8221;2_5,3_5&#8243; use_custom_gutter=&#8221;on&#8221; gutter_width=&#8221;1&#8243; make_equal=&#8221;on&#8221; _builder_version=&#8221;4.20.2&#8243; _module_preset=&#8221;default&#8221; background_color=&#8221;#F5F5F5&#8243; width=&#8221;100%&#8221; max_width=&#8221;100%&#8221; min_height=&#8221;300px&#8221; custom_margin=&#8221;0px||0px||false|false&#8221; custom_padding=&#8221;0px||0px||false|false&#8221; custom_css_main_element=&#8221;align-items:center;&#8221; global_colors_info=&#8221;{}&#8221;][et_pb_column type=&#8221;2_5&#8243; _builder_version=&#8221;4.20.2&#8243; _module_preset=&#8221;default&#8221; background_enable_image=&#8221;off&#8221; global_colors_info=&#8221;{}&#8221;][et_pb_image src=&#8221;https:\/\/www.lagalerieblaye.art\/wp-content\/uploads\/2024\/01\/001-scaled.jpg&#8221; title_text=&#8221;001&#8243; align=&#8221;center&#8221; force_fullwidth=&#8221;on&#8221; _builder_version=&#8221;4.20.2&#8243; _module_preset=&#8221;default&#8221; module_alignment=&#8221;center&#8221; global_colors_info=&#8221;{}&#8221;][\/et_pb_image][\/et_pb_column][et_pb_column type=&#8221;3_5&#8243; _builder_version=&#8221;4.20.2&#8243; _module_preset=&#8221;default&#8221; background_enable_color=&#8221;off&#8221; background_enable_image=&#8221;off&#8221; background_size=&#8221;initial&#8221; background_repeat=&#8221;repeat&#8221; custom_padding=&#8221;|5%||5%|false|false&#8221; global_colors_info=&#8221;{}&#8221;][et_pb_text _builder_version=&#8221;4.20.2&#8243; _module_preset=&#8221;default&#8221; text_text_color=&#8221;#000000&#8243; text_font_size=&#8221;15px&#8221; text_orientation=&#8221;center&#8221; custom_margin=&#8221;50px||50px||false|false&#8221; custom_margin_tablet=&#8221;||50px||false|false&#8221; custom_margin_phone=&#8221;50px||50px||false|false&#8221; custom_margin_last_edited=&#8221;on|tablet&#8221; custom_padding=&#8221;|50px||50px|false|false&#8221; content_en_us=&#8221;<\/p>\n<h3>\u201cOur love for France in general, and our passion for Bordeaux wines in particular, brought us both to Blaye, where we immediately felt at home.%22<\/h3>\n<p>Leslie Kellen and Clarissa Schaefer don\u2019t hide their love for the region and their villa.<\/p>\n<p>&#8221; global_colors_info=&#8221;{}&#8221;]<\/p>\n<h3>\u00ab Notre amour pour la France et particuli\u00e8rement notre passion pour les vins de Bordeaux nous ont amen\u00e9s tous les deux \u00e0 Blaye, o\u00f9 nous nous sommes imm\u00e9diatement sentis chez nous. \u00bb<\/h3>\n<p>Leslie Kellen et Clarissa Schaefer ne cachent pas leur amour pour la r\u00e9gion et leur villa.<\/p>\n<p>[\/et_pb_text][et_pb_text _builder_version=&#8221;4.20.2&#8243; _module_preset=&#8221;default&#8221; text_font_size=&#8221;15px&#8221; custom_margin=&#8221;||||false|false&#8221; custom_margin_tablet=&#8221;||50px||false|false&#8221; custom_margin_phone=&#8221;||50px||false|false&#8221; custom_margin_last_edited=&#8221;on|tablet&#8221; content_en_us=&#8221;<\/p>\n<p>The legendary Villa Saint-Simon was love on first sight.<\/p>\n<p>\u201cHere we have been hosting friends and guests for almost a quarter of a century\u201d.<\/p>\n<p>Villa Saint-Simon was built in <strong>1860<\/strong> as the residence of the then richest man in Blaye and ended up in the hands of Les and Clarissa around the turn of the century. South African born <strong>Les<\/strong> is an entrepreneur in his early 70ies, widely renowned for his wine knowledge and network in the wine world. <strong>Clarissa<\/strong> in her mid 50ies is a well-known, multi-faceted and versatile artist. She is also responsible for making the impressive <strong>Etalon Rouge<\/strong> wine, produced in the same street &#8211; the only winery in the actual town of Blaye).<\/p>\n<p>&#8221; global_colors_info=&#8221;{}&#8221;]<\/p>\n<p>La l\u00e9gendaire Villa Saint-Simon a \u00e9t\u00e9 un v\u00e9ritable coup de foudre.<\/p>\n<p>\u00ab Ici, nous recevons des amis et des invit\u00e9s depuis pr\u00e8s d&#8217;un quart de si\u00e8cle. \u00bb<\/p>\n<p>La Villa Saint-Simon a \u00e9t\u00e9 construite en <strong>1860<\/strong> en r\u00e9sidence principale d&#8217;un riche Blayais et a fini entre les mains de Les et Clarissa au tournant du si\u00e8cle. N\u00e9 en Afrique du Sud, Les est un entrepreneur du d\u00e9but des ann\u00e9es 70, reconnu pour ses connaissances et son r\u00e9seau dans le monde du vin. Clarissa, la cinquantaine, est une artiste r\u00e9put\u00e9e, aux multiples facettes. Elle est \u00e9galement responsable de l&#8217;\u00e9laboration de l&#8217;\u00e9l\u00e9gant vin Etalon Rouge, produit dans la m\u00eame rue (le seul domaine viticole de la ville de Blaye).<\/p>\n<p>[\/et_pb_text][et_pb_text _builder_version=&#8221;4.20.2&#8243; _module_preset=&#8221;default&#8221; custom_margin=&#8221;50px||50px||false|false&#8221; content_en_us=&#8221;<\/p>\n<h1><strong>Close to the river and wine<\/strong><\/h1>\n<p>\u00a0<\/p>\n<p>Despite the many renovations, Leslie and Clarissa managed to preserve the unique French charm of the property.<br \/><em>\u201cIn 23 years, we transformed the Villa into a picturesque and hospitable space for anyone visiting Blaye, the Gironde region, Bordeaux and the famous M\u00e9doc wine regions\u201d.<\/em><\/p>\n<p>The stately building is situated in the center of Blaye, just a stone throw away from the river and the public gardens. The town is lively and welcomes more than <strong>300.000 tourists every year<\/strong>, visiting amongst other sites, the <strong>UNESCO<\/strong> heritage site, <strong>La Citadelle<\/strong>. Many activities are organized the whole year through, like the Blaye Marathon, an international horse jumping tournament, and festivals around art, wine, music, theatre, literature, and classic cars. Moreover, river cruise ships dock here, and the town is a well-known overnight stay on the walking routes to <strong>Santiago de Compostella<\/strong>. Blaye is also an ideal half-way stop-over for travelers between the UK and Spain.<\/p>\n<p><strong>The ferry<\/strong> at a few meters distance takes you in 20 minutes to the world famous <strong>M\u00e9doc<\/strong> wine region (Pauillac, Saint-Julien, Margaux, Saint-Est\u00e8phe, etc.), while it also allows you to reach the <strong>beaches of the Atlantic Ocean<\/strong> very quickly.<\/p>\n<p>The popularity of Villa St Simon is due to all the above: lovers of Bordeaux Wines, French Culture, art, music and classic cars, among all the others attractions over the year. Guests have been back to visit up to 20 times since the couple established this home-away-from-home in Blaye.<\/p>\n<p>&#8221; global_colors_info=&#8221;{}&#8221;]<\/p>\n<h1><strong>Le vin et l&#8217;Estuaire&#8230;<\/strong><\/h1>\n<p>&nbsp;<\/p>\n<p>Malgr\u00e9 les nombreuses r\u00e9novations, Leslie et Clarissa ont r\u00e9ussi \u00e0 pr\u00e9server le charme fran\u00e7ais unique de la propri\u00e9t\u00e9.<br \/><em>\u00ab En 23 ans, nous avons transform\u00e9 la Villa en un espace pittoresque et hospitalier pour tous ceux qui visitent Blaye, la Gironde, Bordeaux et les c\u00e9l\u00e8bres vignobles du M\u00e9doc. \u00bb<\/em><\/p>\n<p>La b\u00e2tisse majestueuse est situ\u00e9e au centre de Blaye, \u00e0 quelques pas de l&#8217;estuaire et du jardin public. La ville est anim\u00e9e et accueille chaque ann\u00e9e plus de 300 000 touristes, visitant entre autres, le site class\u00e9 au patrimoine mondial de l&#8217;UNESCO, la Citadelle. De nombreuses activit\u00e9s sont organis\u00e9es tout au long de l&#8217;ann\u00e9e, comme le Marathon de Blaye, un Jumping international et des festivals autour de l&#8217;art, du vin, de la musique, du th\u00e9\u00e2tre, de la litt\u00e9rature et des voitures anciennes. Des bateaux de croisi\u00e8res accostent ici et la ville est un lieu de s\u00e9jour bien connu sur les itin\u00e9raires p\u00e9destres menant \u00e0 Saint-Jacques-de-Compostelle. Blaye est \u00e9galement une escale id\u00e9ale \u00e0 mi-chemin pour les voyageurs entre le Royaume-Uni et l&#8217;Espagne.<\/p>\n<p>Le ferry \u00e0 quelques m\u00e8tres vous emm\u00e8ne en 20 minutes dans le vignoble du M\u00e9doc mondialement connu (Pauillac, Saint-Julien, Margaux, Saint-Est\u00e8phe, etc.), tout en permettant de rejoindre tr\u00e8s facilement les plages de l&#8217;oc\u00e9an Atlantique.<\/p>\n<p>La popularit\u00e9 de la Villa St Simon est due \u00e0 tout ce qui pr\u00e9c\u00e8de : les amoureux des vins de Bordeaux, de la culture fran\u00e7aise, de l&#8217;art, de la musique et des voitures classiques, parmi toutes les autres attractions de l&#8217;ann\u00e9e.<\/p>\n<p>[\/et_pb_text][\/et_pb_column][\/et_pb_row][et_pb_row use_custom_gutter=&#8221;on&#8221; gutter_width=&#8221;1&#8243; make_equal=&#8221;on&#8221; _builder_version=&#8221;4.20.2&#8243; _module_preset=&#8221;default&#8221; background_color=&#8221;#FFFFFF&#8221; width=&#8221;100%&#8221; max_width=&#8221;100%&#8221; min_height=&#8221;300px&#8221; custom_margin=&#8221;0px||0px||false|false&#8221; custom_padding=&#8221;0px|20%|0px|20%|false|false&#8221; custom_css_main_element=&#8221;align-items:center;&#8221; global_colors_info=&#8221;{}&#8221;][et_pb_column type=&#8221;4_4&#8243; _builder_version=&#8221;4.20.2&#8243; _module_preset=&#8221;default&#8221; background_enable_image=&#8221;off&#8221; global_colors_info=&#8221;{}&#8221;][et_pb_text _builder_version=&#8221;4.20.2&#8243; _module_preset=&#8221;default&#8221; text_orientation=&#8221;center&#8221; custom_margin=&#8221;50px||50px||false|false&#8221; content_en_us=&#8221;<\/p>\n<h1><strong>Next stage of life<\/strong><\/h1>\n<p>\u00a0<\/p>\n<p><span style=%22color: #000000;%22>Les and Clarissa are selling this amazing building with a heavy heart.<\/span><\/p>\n<p>\u201cVilla Saint-Simon is very precious to us. It gave us the opportunity to meet incredible people from all over the world. But now is the time for a next stage in our lives, and to transfer this gem to the next proud owners. We believe there is still room to further develop the Villa Saint-Simon and give it a new life\u201d.<\/p>\n<p><span style=%22color: #000000;%22>Where are Les and Clarissa heading?<\/span><\/p>\n<p>\u201cWe stay in Blaye, and we will continue our wine and art activities, allowing to create a synergy with the new owners\u201d.<\/p>\n<p><span style=%22color: #000000;%22>They do not need to worry.<\/span><\/p>\n<p>\u201cOur list with faithful, returning guests is outright impressive\u201d.<\/p>\n<p>&#8221; global_colors_info=&#8221;{}&#8221;]<\/p>\n<h1><strong>La prochaine \u00e9tape&#8230;<\/strong><\/h1>\n<p>&nbsp;<\/p>\n<p>Les et Clarissa vendent ce magnifique b\u00e2timent le c\u0153ur lourd.<\/p>\n<p>\u00ab La Villa Saint-Simon nous est tr\u00e8s pr\u00e9cieuse. Cela nous a donn\u00e9 l\u2019opportunit\u00e9 de rencontrer des gens incroyables du monde entier. Mais il est maintenant temps de passer \u00e0 une autre \u00e9tape de notre vie et de transf\u00e9rer ce joyau aux prochains propri\u00e9taires. Nous pensons qu&#8217;il est possible de d\u00e9velopper davantage la Villa Saint-Simon et de lui donner une nouvelle vie. \u00bb<\/p>\n<p><strong>O\u00f9 vont Les et Clarissa ?<\/strong><\/p>\n<p>\u00ab Nous restons \u00e0 Blaye, et nous poursuivrons nos activit\u00e9s viticoles et artistiques, permettant de cr\u00e9er une synergie avec les nouveaux propri\u00e9taires. \u00bb<\/p>\n<p><strong>Ils n\u2019ont pas \u00e0 s\u2019inqui\u00e9ter.<\/strong><\/p>\n<p>\u00ab Notre liste de clients fid\u00e8les est tout simplement impressionnante \u00bb.<\/p>\n<p>[\/et_pb_text][\/et_pb_column][\/et_pb_row][et_pb_row column_structure=&#8221;2_5,3_5&#8243; use_custom_gutter=&#8221;on&#8221; gutter_width=&#8221;1&#8243; make_equal=&#8221;on&#8221; _builder_version=&#8221;4.20.2&#8243; _module_preset=&#8221;default&#8221; background_color=&#8221;#F5F5F5&#8243; width=&#8221;100%&#8221; max_width=&#8221;100%&#8221; min_height=&#8221;300px&#8221; custom_margin=&#8221;0px||0px||false|false&#8221; custom_padding=&#8221;0px||0px||false|false&#8221; custom_css_main_element=&#8221;align-items:center;&#8221; global_colors_info=&#8221;{}&#8221;][et_pb_column type=&#8221;2_5&#8243; _builder_version=&#8221;4.20.2&#8243; _module_preset=&#8221;default&#8221; background_enable_image=&#8221;off&#8221; global_colors_info=&#8221;{}&#8221;][et_pb_image src=&#8221;https:\/\/www.lagalerieblaye.art\/wp-content\/uploads\/2024\/01\/005-scaled.jpg&#8221; title_text=&#8221;005&#8243; align=&#8221;center&#8221; force_fullwidth=&#8221;on&#8221; _builder_version=&#8221;4.20.2&#8243; _module_preset=&#8221;default&#8221; module_alignment=&#8221;center&#8221; height=&#8221;500px&#8221; global_colors_info=&#8221;{}&#8221;][\/et_pb_image][\/et_pb_column][et_pb_column type=&#8221;3_5&#8243; _builder_version=&#8221;4.20.2&#8243; _module_preset=&#8221;default&#8221; background_enable_color=&#8221;off&#8221; background_enable_image=&#8221;off&#8221; background_size=&#8221;initial&#8221; background_repeat=&#8221;repeat&#8221; custom_padding=&#8221;|5%||5%|false|false&#8221; global_colors_info=&#8221;{}&#8221;][et_pb_text _builder_version=&#8221;4.20.2&#8243; _module_preset=&#8221;default&#8221; custom_margin=&#8221;50px||50px||false|false&#8221; content_en_us=&#8221;<\/p>\n<h1><strong>Villa Saint-Simon facilities <\/strong><\/h1>\n<p>\u00a0<\/p>\n<p>Villa Saint-Simon features <strong>9 rooms<\/strong>, spread over <strong>3 floors<\/strong>, including a potential flat for the owners. Each room is fully furnished, with a <strong>private toilet and bathroom<\/strong> with bathtub or shower. On the ground floor you will find the entrance (with lock code), the reception, a <strong>breakfast room and a laundry space<\/strong>. The first floor features a small common space with a <strong>library<\/strong>. In the <strong>cellar<\/strong>, the <strong>bar<\/strong> can be used for live music, and there is also a <strong>pool table and stage<\/strong>.<\/p>\n<p>High quality bicycles are available for the guests (there is a dedicated bicycle and jogging track through the vineyards of the region. Cyclist can do any distances from 5km to to 80km, beginning only 400m from the Villa front door).<\/p>\n<p>There is plenty of <strong>free parking space<\/strong> around the Villa, including electric charging stations.<\/p>\n<p>Villa Saint-Simon has been active for more than 20 years as a guest house for groups and individual travelers, especially from march until the end of October, which gives the owners the possibility to lock up and take holidays in the low season.<\/p>\n<p>&#8221; global_colors_info=&#8221;{}&#8221;]<\/p>\n<h1><strong>\u00c0 l&#8217;int\u00e9rieur de la Villa Saint-Simon<\/strong><\/h1>\n<p>&nbsp;<\/p>\n<p>La Villa Saint-Simon comprend <strong>9 pi\u00e8ces<\/strong>, r\u00e9parties sur <strong>3 \u00e9tages<\/strong>, dont un appartement potentiel pour les propri\u00e9taires. Chaque chambre est enti\u00e8rement meubl\u00e9e, avec toilettes priv\u00e9es et salle de bain (baignoire ou douche). Au rez-de-chauss\u00e9e vous trouverez l&#8217;entr\u00e9e (avec code d&#8217;acc\u00e8s), la r\u00e9ception, une salle de petit-d\u00e9jeuner et un espace buanderie. Le premier \u00e9tage comprend un petit espace commun avec une biblioth\u00e8que. Dans la cave, le bar peut \u00eatre utilis\u00e9 pour de la musique live, vous y trouverez aussi un billard et une sc\u00e8ne.<\/p>\n<p>Des v\u00e9los sont disponibles pour les clients. Il y a une piste cyclable et de jogging d\u00e9di\u00e9e \u00e0 travers les vignobles de la r\u00e9gion. Le cycliste peut parcourir toutes les distances de 5 km \u00e0 80 km, en commen\u00e7ant \u00e0 seulement 400 m de la porte d&#8217;entr\u00e9e de la villa.<\/p>\n<p>Il y a de nombreuses <strong>places de parking gratuites<\/strong> autour de la Villa, y compris des bornes de recharge \u00e9lectrique.<\/p>\n<p>La Villa Saint-Simon est active depuis plus de 20 ans comme maison d&#8217;h\u00f4tes pour groupes et voyageurs individuels, notamment de mars \u00e0 fin octobre, ce qui donne aux propri\u00e9taires la possibilit\u00e9 de prendre une pause en basse saison.<\/p>\n<p>[\/et_pb_text][\/et_pb_column][\/et_pb_row][et_pb_row column_structure=&#8221;1_4,3_4&#8243; use_custom_gutter=&#8221;on&#8221; gutter_width=&#8221;1&#8243; make_equal=&#8221;on&#8221; _builder_version=&#8221;4.20.2&#8243; _module_preset=&#8221;default&#8221; background_color=&#8221;#FFFFFF&#8221; width=&#8221;100%&#8221; max_width=&#8221;100%&#8221; min_height=&#8221;300px&#8221; custom_margin=&#8221;0px||0px||false|false&#8221; custom_padding=&#8221;0px||0px||false|false&#8221; custom_css_main_element=&#8221;align-items:center;&#8221; global_colors_info=&#8221;{}&#8221;][et_pb_column type=&#8221;1_4&#8243; _builder_version=&#8221;4.20.2&#8243; _module_preset=&#8221;default&#8221; background_enable_image=&#8221;off&#8221; global_colors_info=&#8221;{}&#8221;][et_pb_image src=&#8221;https:\/\/www.lagalerieblaye.art\/wp-content\/uploads\/2024\/01\/Capture-decran-2024-01-02-a-18.50.14.png&#8221; title_text=&#8221;carte&#8221; align=&#8221;center&#8221; _builder_version=&#8221;4.20.2&#8243; _module_preset=&#8221;default&#8221; module_alignment=&#8221;center&#8221; height=&#8221;400px&#8221; custom_padding=&#8221;20px|20px|20px|20px|false|false&#8221; global_colors_info=&#8221;{}&#8221;][\/et_pb_image][\/et_pb_column][et_pb_column type=&#8221;3_4&#8243; _builder_version=&#8221;4.20.2&#8243; _module_preset=&#8221;default&#8221; background_enable_color=&#8221;off&#8221; background_enable_image=&#8221;off&#8221; background_size=&#8221;initial&#8221; background_repeat=&#8221;repeat&#8221; custom_padding=&#8221;|5%||5%|false|false&#8221; global_colors_info=&#8221;{}&#8221;][et_pb_text _builder_version=&#8221;4.20.2&#8243; _module_preset=&#8221;default&#8221; text_orientation=&#8221;center&#8221; custom_margin=&#8221;50px||50px||false|false&#8221; content_en_us=&#8221;<\/p>\n<h1><strong>Situation<\/strong><\/h1>\n<p>\u00a0<\/p>\n<p>Blaye is situated at <strong>40 kilometers from<\/strong> the City of <strong>Bordeaux<\/strong>, with its international airport  and fast train connections to Paris or Toulouse. The famous medieval wine town of <strong>Saint-Emilion<\/strong> is only an hours drive away, and <strong>Cognac<\/strong> is an 1 hour 15 away. With the ferry you easily reach the famous <strong>M\u00e9doc<\/strong> wine region on the left bank of the Gironde, including the Chateaux Mouton-Rothschild, Lafitte, Margaux etc. in 20min and the atlantic coast within 1 hour.<\/p>\n<p>&#8221; global_colors_info=&#8221;{}&#8221;]<\/p>\n<h1><strong>Situation<\/strong><\/h1>\n<p>&nbsp;<\/p>\n<p>Blaye est situ\u00e9e \u00e0 <strong>40 kilom\u00e8tres<\/strong> de la ville de <strong>Bordeaux<\/strong>, avec son a\u00e9roport international et des liaisons ferroviaires rapides vers Paris ou Toulouse. La c\u00e9l\u00e8bre ville viticole m\u00e9di\u00e9vale de Saint-Emilion est \u00e0 seulement une heure de route et Cognac est \u00e0 1h15. Avec le ferry, vous rejoignez facilement la c\u00e9l\u00e8bre r\u00e9gion viticole du M\u00e9doc sur la rive gauche de la Gironde, dont les Ch\u00e2teaux Mouton-Rothschild, Lafitte, Margaux etc. en 20 minutes et la c\u00f4te atlantique en 1 heure.<\/p>\n<p>[\/et_pb_text][\/et_pb_column][\/et_pb_row][et_pb_row use_custom_gutter=&#8221;on&#8221; gutter_width=&#8221;1&#8243; make_equal=&#8221;on&#8221; _builder_version=&#8221;4.20.2&#8243; _module_preset=&#8221;default&#8221; background_color=&#8221;#F5F5F5&#8243; width=&#8221;100%&#8221; max_width=&#8221;100%&#8221; min_height=&#8221;300px&#8221; custom_margin=&#8221;0px||0px||false|false&#8221; custom_padding=&#8221;0px||0px||false|false&#8221; custom_css_main_element=&#8221;align-items:center;&#8221; global_colors_info=&#8221;{}&#8221;][et_pb_column type=&#8221;4_4&#8243; _builder_version=&#8221;4.20.2&#8243; _module_preset=&#8221;default&#8221; background_enable_image=&#8221;off&#8221; global_colors_info=&#8221;{}&#8221;][et_pb_text _builder_version=&#8221;4.20.2&#8243; _module_preset=&#8221;default&#8221; text_font_size=&#8221;15px&#8221; text_orientation=&#8221;center&#8221; custom_margin=&#8221;||20px||false|false&#8221; custom_margin_tablet=&#8221;50px|5%|20px|5%|false|false&#8221; custom_margin_phone=&#8221;50px|5%|20px|5%|false|false&#8221; custom_margin_last_edited=&#8221;on|desktop&#8221; custom_padding=&#8221;|5%||5%|false|false&#8221; content_en_us=&#8221;<\/p>\n<p>\u00a0<\/p>\n<p>For more information:<\/p>\n<p><a href=%22https:\/\/villastsimon.com\/%22 data-et-target-link=%22_blank%22 rel=%22noopener%22>www.villasaintsimon.com<\/a><\/p>\n<p>Phone +33 6 62 76 22 72 \/ +33 6 76 57 48 84<\/p>\n<p>\u00a0<\/p>\n<p>Asking price:<\/p>\n<p>&#8221; global_colors_info=&#8221;{}&#8221;]<\/p>\n<div dir=\"ltr\">\n<p>&nbsp;<\/p>\n<p>Pour plus d&#8217;informations :<\/p>\n<p><a href=\"https:\/\/villastsimon.com\/\" target=\"_blank\" rel=\"noopener\">www.villasaintsimon.com<\/a><\/p>\n<p>T\u00e9l\u00e9phone : +33 (0)6 62 76 22 72 \/ +33 (0)6 76 57 48 84<\/p>\n<p>&nbsp;<\/p>\n<p>Prix demand\u00e9 :<\/p>\n<\/div>\n<p>[\/et_pb_text][et_pb_text _builder_version=&#8221;4.20.2&#8243; _module_preset=&#8221;default&#8221; text_font=&#8221;Playfair Display||||||||&#8221; text_text_color=&#8221;#000000&#8243; text_font_size=&#8221;24px&#8221; text_orientation=&#8221;center&#8221; custom_margin=&#8221;0px||50px||false|false&#8221; custom_margin_tablet=&#8221;50px||100px||false|false&#8221; custom_margin_phone=&#8221;50px||100px||false|false&#8221; custom_margin_last_edited=&#8221;on|phone&#8221; global_colors_info=&#8221;{}&#8221;]<\/p>\n<p>880.000 euro<\/p>\n<p>[\/et_pb_text][\/et_pb_column][\/et_pb_row][et_pb_row use_custom_gutter=&#8221;on&#8221; gutter_width=&#8221;1&#8243; make_equal=&#8221;on&#8221; _builder_version=&#8221;4.20.2&#8243; _module_preset=&#8221;default&#8221; background_color=&#8221;#FFFFFF&#8221; width=&#8221;100%&#8221; max_width=&#8221;100%&#8221; min_height=&#8221;300px&#8221; custom_margin=&#8221;0px||0px||false|false&#8221; custom_padding=&#8221;20px|20px|20px|20px|false|false&#8221; custom_css_main_element=&#8221;align-items:center;&#8221; global_colors_info=&#8221;{}&#8221;][et_pb_column type=&#8221;4_4&#8243; _builder_version=&#8221;4.20.2&#8243; _module_preset=&#8221;default&#8221; background_enable_image=&#8221;off&#8221; global_colors_info=&#8221;{}&#8221;][et_pb_gallery gallery_ids=&#8221;1600,1599,1598,1597,1596,1595,1594&#8243; posts_number=&#8221;25&#8243; show_title_and_caption=&#8221;off&#8221; show_pagination=&#8221;off&#8221; zoom_icon_color=&#8221;#E47B74&#8243; hover_overlay_color=&#8221;RGBA(255,255,255,0)&#8221; _builder_version=&#8221;4.20.2&#8243; _module_preset=&#8221;default&#8221; custom_css_gallery_item=&#8221;padding:25px;&#8221; global_colors_info=&#8221;{}&#8221;][\/et_pb_gallery][\/et_pb_column][\/et_pb_row][\/et_pb_section]<\/p>\n","protected":false},"excerpt":{"rendered":"<p>Une magnifique opportunit\u00e9 pr\u00e8s de Bordeaux &#8211; FranceLa Villa Saint-Simon est une maison d&#8217;h\u00f4tes \u00e0 succ\u00e8s et r\u00e9put\u00e9e. Situ\u00e9e au c\u0153ur de Blaye, \u00e0 quelques pas de la Gironde.Les propri\u00e9taires souhaitent une vie plus calme et ont mis en vente cette propri\u00e9t\u00e9 hors du commun.\u00ab Notre amour pour la France et particuli\u00e8rement notre passion pour [&hellip;]<\/p>\n","protected":false},"author":1,"featured_media":0,"parent":0,"menu_order":0,"comment_status":"closed","ping_status":"closed","template":"","meta":{"_acf_changed":false,"_et_pb_use_builder":"on","_et_pb_old_content":"","_et_gb_content_width":"","pgc_sgb_lightbox_settings":"","footnotes":""},"class_list":["post-1902","page","type-page","status-publish","hentry"],"acf":[],"_links":{"self":[{"href":"https:\/\/www.lagalerieblaye.art\/en\/wp-json\/wp\/v2\/pages\/1902","targetHints":{"allow":["GET"]}}],"collection":[{"href":"https:\/\/www.lagalerieblaye.art\/en\/wp-json\/wp\/v2\/pages"}],"about":[{"href":"https:\/\/www.lagalerieblaye.art\/en\/wp-json\/wp\/v2\/types\/page"}],"author":[{"embeddable":true,"href":"https:\/\/www.lagalerieblaye.art\/en\/wp-json\/wp\/v2\/users\/1"}],"replies":[{"embeddable":true,"href":"https:\/\/www.lagalerieblaye.art\/en\/wp-json\/wp\/v2\/comments?post=1902"}],"version-history":[{"count":60,"href":"https:\/\/www.lagalerieblaye.art\/en\/wp-json\/wp\/v2\/pages\/1902\/revisions"}],"predecessor-version":[{"id":2165,"href":"https:\/\/www.lagalerieblaye.art\/en\/wp-json\/wp\/v2\/pages\/1902\/revisions\/2165"}],"wp:attachment":[{"href":"https:\/\/www.lagalerieblaye.art\/en\/wp-json\/wp\/v2\/media?parent=1902"}],"curies":[{"name":"wp","href":"https:\/\/api.w.org\/{rel}","templated":true}]}}